{"id":2427,"date":"2021-05-07T13:31:03","date_gmt":"2021-05-07T10:31:03","guid":{"rendered":"https:\/\/www.kamubib-bimy.org\/2022\/?page_id=2427"},"modified":"2023-06-22T12:31:15","modified_gmt":"2023-06-22T09:31:15","slug":"oturum-1-ikinci-yuzyila-yon-veren-politika-ve-stratejiler","status":"publish","type":"page","link":"https:\/\/www.kamubib-bimy.org\/2023\/oturumlar\/oturum-1-ikinci-yuzyila-yon-veren-politika-ve-stratejiler","title":{"rendered":"Oturum-1: \u0130kinci Y\u00fczy\u0131la Y\u00f6n Veren Politika ve Stratejiler"},"content":{"rendered":"<div class=\"wpb-content-wrapper\"><p>[vc_row full_width=&#8221;stretch_row&#8221;][vc_column]\n\t\t\t<!-- START anasayfason REVOLUTION SLIDER 6.7.41 --><p class=\"rs-p-wp-fix\"><\/p>\n\t\t\t<rs-module-wrap id=\"rev_slider_3_1_wrapper\" data-source=\"gallery\" style=\"visibility:hidden;background:transparent;padding:0;margin:0px auto;margin-top:0;margin-bottom:0;\">\n\t\t\t\t<rs-module id=\"rev_slider_3_1\" style=\"\" data-version=\"6.7.41\">\n\t\t\t\t\t<rs-slides style=\"overflow: hidden; position: absolute;\">\n\t\t\t\t\t\t<rs-slide style=\"position: absolute;\" data-key=\"rs-18\" data-title=\"Slide\" data-anim=\"adpr:false;p:transparent;\" data-in=\"o:0;\" data-out=\"o:0;\">\n\t\t\t\t\t\t\t<img decoding=\"async\" src=\"\/\/www.kamubib-bimy.org\/2023\/wp-content\/plugins\/revslider\/sr6\/assets\/assets\/dummy.png\" alt=\"Slide\" title=\"Oturum-1: \u0130kinci Y\u00fczy\u0131la Y\u00f6n Veren Politika ve Stratejiler\" class=\"rev-slidebg tp-rs-img rs-lazyload\" data-lazyload=\"\/\/www.kamubib-bimy.org\/2023\/wp-content\/plugins\/revslider\/sr6\/assets\/assets\/transparent.png\" data-no-retina>\n<!--\n\t\t\t\t\t\t\t--><rs-layer\n\t\t\t\t\t\t\t\tid=\"slider-3-slide-18-layer-20\" \n\t\t\t\t\t\t\t\tdata-type=\"image\"\n\t\t\t\t\t\t\t\tdata-rsp_ch=\"on\"\n\t\t\t\t\t\t\t\tdata-text=\"l:22;a:inherit;\"\n\t\t\t\t\t\t\t\tdata-dim=\"w:1920px;h:384px;\"\n\t\t\t\t\t\t\t\tdata-frame_999=\"o:0;st:w;sR:4700;\"\n\t\t\t\t\t\t\t\tstyle=\"z-index:5;\"\n\t\t\t\t\t\t\t><img decoding=\"async\" src=\"\/\/www.kamubib-bimy.org\/2023\/wp-content\/plugins\/revslider\/sr6\/assets\/assets\/dummy.png\" alt=\"\" class=\"tp-rs-img rs-lazyload\" width=\"1920\" height=\"384\" data-lazyload=\"\/\/www.kamubib-bimy.org\/2023\/wp-content\/uploads\/2023\/07\/slider-b.jpg\" data-no-retina> \n\t\t\t\t\t\t\t<\/rs-layer><!--\n\n\t\t\t\t\t\t\t--><rs-layer\n\t\t\t\t\t\t\t\tid=\"slider-3-slide-18-layer-21\" \n\t\t\t\t\t\t\t\tclass=\"tp-shape tp-shapewrapper\"\n\t\t\t\t\t\t\t\tdata-type=\"shape\"\n\t\t\t\t\t\t\t\tdata-rsp_ch=\"on\"\n\t\t\t\t\t\t\t\tdata-xy=\"x:49px;y:43px;\"\n\t\t\t\t\t\t\t\tdata-text=\"a:inherit;\"\n\t\t\t\t\t\t\t\tdata-dim=\"w:139px;h:133px;\"\n\t\t\t\t\t\t\t\tdata-frame_999=\"o:0;st:w;sR:4700;\"\n\t\t\t\t\t\t\t\tstyle=\"z-index:6;background-color:rgba(0,0,0,0);\"\n\t\t\t\t\t\t\t> \n\t\t\t\t\t\t\t<\/rs-layer><!--\n\n\t\t\t\t\t\t\t--><rs-layer\n\t\t\t\t\t\t\t\tid=\"slider-3-slide-18-layer-22\" \n\t\t\t\t\t\t\t\tclass=\"tp-shape tp-shapewrapper\"\n\t\t\t\t\t\t\t\tdata-type=\"shape\"\n\t\t\t\t\t\t\t\tdata-rsp_ch=\"on\"\n\t\t\t\t\t\t\t\tdata-xy=\"x:1632px;y:11px;\"\n\t\t\t\t\t\t\t\tdata-text=\"a:inherit;\"\n\t\t\t\t\t\t\t\tdata-dim=\"w:109px;h:154px;\"\n\t\t\t\t\t\t\t\tdata-frame_999=\"o:0;st:w;sR:4700;\"\n\t\t\t\t\t\t\t\tstyle=\"z-index:7;background-color:rgba(0,0,0,0);\"\n\t\t\t\t\t\t\t> \n\t\t\t\t\t\t\t<\/rs-layer><!--\n\n\t\t\t\t\t\t\t--><rs-layer\n\t\t\t\t\t\t\t\tid=\"slider-3-slide-18-layer-23\" \n\t\t\t\t\t\t\t\tclass=\"tp-shape tp-shapewrapper\"\n\t\t\t\t\t\t\t\tdata-type=\"shape\"\n\t\t\t\t\t\t\t\tdata-rsp_ch=\"on\"\n\t\t\t\t\t\t\t\tdata-xy=\"x:1760px;y:25px;\"\n\t\t\t\t\t\t\t\tdata-text=\"a:inherit;\"\n\t\t\t\t\t\t\t\tdata-dim=\"w:137px;h:133px;\"\n\t\t\t\t\t\t\t\tdata-frame_999=\"o:0;st:w;sR:4700;\"\n\t\t\t\t\t\t\t\tstyle=\"z-index:8;background-color:rgba(0,0,0,0);\"\n\t\t\t\t\t\t\t> \n\t\t\t\t\t\t\t<\/rs-layer><!--\n-->\t\t\t\t\t<\/rs-slide>\n\t\t\t\t\t<\/rs-slides>\n\t\t\t\t<\/rs-module>\n\t\t\t\t<script>\n\t\t\t\t\tsetREVStartSize({c: 'rev_slider_3_1',rl:[1240,1024,778,480],el:[384],gw:[1920],gh:[384],type:'standard',justify:'',layout:'fullwidth',mh:\"0\"});if (window.RS_MODULES!==undefined && window.RS_MODULES.modules!==undefined && window.RS_MODULES.modules[\"revslider31\"]!==undefined) {window.RS_MODULES.modules[\"revslider31\"].once = false;window.revapi3 = undefined;if (window.RS_MODULES.checkMinimal!==undefined) window.RS_MODULES.checkMinimal()}\n\t\t\t\t<\/script>\n\t\t\t<\/rs-module-wrap>\n\t\t\t<!-- END REVOLUTION SLIDER -->\n[\/vc_column][\/vc_row][vc_row][vc_column][vc_single_image image=&#8221;3489&#8243; img_size=&#8221;full&#8221; alignment=&#8221;center&#8221; style=&#8221;vc_box_shadow_border&#8221;][vc_column_text]<\/p>\n<h3><strong>Oturum-1: \u0130kinci Y\u00fczy\u0131la Y\u00f6n Veren Politika ve Stratejiler<\/strong><\/h3>\n<p>T\u00fcrkiye\u2019nin bilgi toplumuna ge\u00e7i\u015f yolculu\u011funda verimlili\u011fi artt\u0131rmak, inovasyon endeksinin artt\u0131r\u0131lmas\u0131na, k\u00fcresel rekabet g\u00fcc\u00fcne katk\u0131 sa\u011flamak ve dijital ekonomisini geli\u015ftirmek i\u00e7in olu\u015fturulan politika ve stratejilerin \u015feffaf, kapsay\u0131c\u0131, iklim de\u011fi\u015fikli\u011fini g\u00f6z\u00f6n\u00fcnde bulunduran, ye\u015fil mutabakata uygun ve s\u00fcrd\u00fcr\u00fclebilir olmas\u0131 \u00f6nem arz etmektedir.<\/p>\n<p>Dijital T\u00fcrkiye yolculu\u011funda, 2023 Hedeflerine ula\u015fmak i\u00e7in \u00dclkemizin makro seviyede dijital d\u00f6n\u00fc\u015f\u00fcm endeksinin sa\u011fl\u0131kl\u0131 bir yap\u0131da \u00f6l\u00e7\u00fclebilmesi ve s\u00f6z konusu \u00f6l\u00e7\u00fcm sonu\u00e7lar\u0131 \u00fczerinde yap\u0131lacak detayl\u0131 analiz \u00e7al\u0131\u015fmalar\u0131 ile politika ve stratejilerin belirlenmesi ve eylem planlar\u0131n\u0131n haz\u0131rlanarak uygulanmas\u0131 hem dijital ekonominin geli\u015fimine hem de vatanda\u015flar\u0131n dijital becerilerinin ve yeteneklerinin artt\u0131r\u0131lmas\u0131na \u00f6nemli katk\u0131lar sa\u011flayacakt\u0131r.<\/p>\n<p>Di\u011fer taraftan, \u00dclkemizin dijital olgunluk seviyesinin y\u00fckseltilmesi ve dijital ekonomisinin geli\u015ftirilmesi, ArGe k\u00fclt\u00fcr\u00fcn\u00fcn geli\u015fimine ve yayg\u0131nla\u015fmas\u0131na, yenilik\u00e7ilik ve rekabet\u00e7ilik endekslerinin artmas\u0131na dolay\u0131s\u0131yla da yerli ve milli teknolojilerin geli\u015ftirilmesine, kamuda kullan\u0131mlar\u0131n\u0131n artt\u0131r\u0131lmas\u0131na ve s\u00f6z konusu teknolojilerin ihracat\u0131na y\u00f6nelik \u00f6nemli katk\u0131lar sa\u011flayacakt\u0131r.<\/p>\n<p>Bu panelde, konusunda uzman Panalistlerce; \u00fclkemizin dijital d\u00f6n\u00fc\u015f\u00fcm politika ve stratejileri, y\u00f6neti\u015fim bi\u00e7imleri ve gelecek \u00f6ng\u00f6r\u00fcleri, nitelikli insan kayna\u011f\u0131n\u0131n yeti\u015ftirilmesine, katma de\u011feri y\u00fcksek yerli ve milli teknolojilerin \u00f6zg\u00fcn olarak geli\u015ftirilmesine, Devlete ve \u00f6zel sekt\u00f6re sa\u011flayaca\u011f\u0131 dijital ekonomik imkanlar ba\u015fta olmak \u00fczere insan, s\u00fcre\u00e7, teknoloji, hukuk ve ekonomi boyutlar\u0131yla tart\u0131\u015f\u0131lacakt\u0131r.[\/vc_column_text][\/vc_column][\/vc_row]<\/p>\n<\/div>","protected":false},"excerpt":{"rendered":"<p>[vc_row full_width=&#8221;stretch_row&#8221;][vc_column][\/vc_column][\/vc_row][vc_row][vc_column][vc_single_image image=&#8221;3489&#8243; img_size=&#8221;full&#8221; alignment=&#8221;center&#8221; style=&#8221;vc_box_shadow_border&#8221;][vc_column_text] Oturum-1: \u0130kinci Y\u00fczy\u0131la Y\u00f6n Veren Politika ve Stratejiler T\u00fcrkiye\u2019nin bilgi toplumuna ge\u00e7i\u015f yolculu\u011funda verimlili\u011fi artt\u0131rmak, inovasyon endeksinin artt\u0131r\u0131lmas\u0131na, k\u00fcresel rekabet g\u00fcc\u00fcne katk\u0131 sa\u011flamak ve dijital ekonomisini geli\u015ftirmek i\u00e7in olu\u015fturulan politika ve stratejilerin \u015feffaf, kapsay\u0131c\u0131, iklim de\u011fi\u015fikli\u011fini g\u00f6z\u00f6n\u00fcnde bulunduran, ye\u015fil mutabakata uygun ve s\u00fcrd\u00fcr\u00fclebilir olmas\u0131 \u00f6nem arz etmektedir. Dijital T\u00fcrkiye&nbsp;<\/p>\n<p><a class=\"btn btn-style\" href=\"https:\/\/www.kamubib-bimy.org\/2023\/oturumlar\/oturum-1-ikinci-yuzyila-yon-veren-politika-ve-stratejiler\">Devam\u0131n\u0131 Oku<\/a><\/p>\n","protected":false},"author":5,"featured_media":0,"parent":706,"menu_order":0,"comment_status":"closed","ping_status":"closed","template":"homepage.php","meta":{"footnotes":""},"class_list":["post-2427","page","type-page","status-publish","hentry"],"_links":{"self":[{"href":"https:\/\/www.kamubib-bimy.org\/2023\/wp-json\/wp\/v2\/pages\/2427","targetHints":{"allow":["GET"]}}],"collection":[{"href":"https:\/\/www.kamubib-bimy.org\/2023\/wp-json\/wp\/v2\/pages"}],"about":[{"href":"https:\/\/www.kamubib-bimy.org\/2023\/wp-json\/wp\/v2\/types\/page"}],"author":[{"embeddable":true,"href":"https:\/\/www.kamubib-bimy.org\/2023\/wp-json\/wp\/v2\/users\/5"}],"replies":[{"embeddable":true,"href":"https:\/\/www.kamubib-bimy.org\/2023\/wp-json\/wp\/v2\/comments?post=2427"}],"version-history":[{"count":0,"href":"https:\/\/www.kamubib-bimy.org\/2023\/wp-json\/wp\/v2\/pages\/2427\/revisions"}],"up":[{"embeddable":true,"href":"https:\/\/www.kamubib-bimy.org\/2023\/wp-json\/wp\/v2\/pages\/706"}],"wp:attachment":[{"href":"https:\/\/www.kamubib-bimy.org\/2023\/wp-json\/wp\/v2\/media?parent=2427"}],"curies":[{"name":"wp","href":"https:\/\/api.w.org\/{rel}","templated":true}]}}