{"id":2438,"date":"2021-05-07T13:38:24","date_gmt":"2021-05-07T10:38:24","guid":{"rendered":"https:\/\/www.kamubib-bimy.org\/2021\/?page_id=2438"},"modified":"2021-10-26T11:47:32","modified_gmt":"2021-10-26T08:47:32","slug":"3-vizyon-2023-kamu-ve-sektor-bulusmasi","status":"publish","type":"page","link":"https:\/\/www.kamubib-bimy.org\/2021\/oturumlar\/3-vizyon-2023-kamu-ve-sektor-bulusmasi","title":{"rendered":"3.Vizyon 2023 Kamu ve Sekt\u00f6r Bulu\u015fmas\u0131"},"content":{"rendered":"<div class=\"wpb-content-wrapper\"><p>[vc_row full_width=&#8221;stretch_row&#8221;][vc_column][\/vc_column][\/vc_row][vc_row][vc_column][vc_single_image image=&#8221;2833&#8243; img_size=&#8221;full&#8221; alignment=&#8221;center&#8221; style=&#8221;vc_box_shadow_border&#8221;][vc_column_text]<\/p>\n<h3>3.Vizyon 2023 Kamu ve Sekt\u00f6r Bulu\u015fmas\u0131<\/h3>\n<p>Birincisi Kamu-B\u0130B\u201922\/B\u0130MY\u201926 B\u00fct\u00fcnle\u015fik Etkinli\u011finde ger\u00e7ekle\u015ftirilen, Dijital T\u00fcrkiye Yolculu\u011funda, \u00dclkemizin dijital olgunluk seviyesinin y\u00fckseltilmesi, dijital ekonomisinin geli\u015ftirilmesi, yerli ve milli teknolojilerin kamuda kullan\u0131m\u0131n\u0131n artt\u0131r\u0131lmas\u0131 ve ihracat\u0131n\u0131n ger\u00e7ekle\u015ftirilmesine y\u00f6nelik olarak Covid-19 ile m\u00fccadele s\u00fcreci g\u00f6z \u00f6n\u00fcn\u00fcnde bulundurularak Vizyon 2023 kapsam\u0131nda yap\u0131lacak eylem planlar\u0131n\u0131n, i\u015fbirliklerinin ve stratejilerin kamu \u00fcst y\u00f6neticileri taraf\u0131ndan payda\u015flar ile payla\u015f\u0131laca\u011f\u0131 ve ortak ak\u0131l olu\u015fturulmas\u0131na y\u00f6nelik g\u00f6r\u00fc\u015fmelerin yap\u0131laca\u011f\u0131 kapal\u0131 bir oturumdur.<\/p>\n<p>Bu y\u0131l \u00fc\u00e7\u00fcnc\u00fcs\u00fc ger\u00e7ekle\u015ftirilecek s\u00f6zkonusu oturuma, Kamu kurumlar\u0131n\u0131n \u00fcst d\u00fczey y\u00f6neticilerinin yan\u0131 s\u0131ra sadece Kamu-B\u0130B\u201924 \/ B\u0130MY\u201928 B\u00fct\u00fcnle\u015fik Etkinli\u011fine sponsor* olan firmalar\u0131n \u00fcst d\u00fczey y\u00f6neticileri kat\u0131labilecektir.<\/p>\n<p><em>* Sponsorluk \u00f6zet tablosunda yer alan sponsor firmalar<\/em><\/p>\n<p><em>\u00a0<\/em>[\/vc_column_text][\/vc_column][\/vc_row]<\/p>\n<\/div>","protected":false},"excerpt":{"rendered":"<p>[vc_row full_width=&#8221;stretch_row&#8221;][vc_column][\/vc_column][\/vc_row][vc_row][vc_column][vc_single_image image=&#8221;2833&#8243; img_size=&#8221;full&#8221; alignment=&#8221;center&#8221; style=&#8221;vc_box_shadow_border&#8221;][vc_column_text] 3.Vizyon 2023 Kamu ve Sekt\u00f6r Bulu\u015fmas\u0131 Birincisi Kamu-B\u0130B\u201922\/B\u0130MY\u201926 B\u00fct\u00fcnle\u015fik Etkinli\u011finde ger\u00e7ekle\u015ftirilen, Dijital T\u00fcrkiye Yolculu\u011funda, \u00dclkemizin dijital olgunluk seviyesinin y\u00fckseltilmesi, dijital ekonomisinin geli\u015ftirilmesi, yerli ve milli teknolojilerin kamuda kullan\u0131m\u0131n\u0131n artt\u0131r\u0131lmas\u0131 ve ihracat\u0131n\u0131n ger\u00e7ekle\u015ftirilmesine y\u00f6nelik olarak Covid-19 ile m\u00fccadele s\u00fcreci g\u00f6z \u00f6n\u00fcn\u00fcnde bulundurularak Vizyon 2023 kapsam\u0131nda yap\u0131lacak eylem planlar\u0131n\u0131n, i\u015fbirliklerinin ve&nbsp;<\/p>\n<p><a class=\"btn btn-style\" href=\"https:\/\/www.kamubib-bimy.org\/2021\/oturumlar\/3-vizyon-2023-kamu-ve-sektor-bulusmasi\">Devam\u0131n\u0131 Oku<\/a><\/p>\n","protected":false},"author":5,"featured_media":0,"parent":706,"menu_order":0,"comment_status":"closed","ping_status":"closed","template":"homepage.php","meta":{"rs_blank_template":"","rs_page_bg_color":"","slide_template_v7":"","footnotes":""},"class_list":["post-2438","page","type-page","status-publish","hentry"],"_links":{"self":[{"href":"https:\/\/www.kamubib-bimy.org\/2021\/wp-json\/wp\/v2\/pages\/2438","targetHints":{"allow":["GET"]}}],"collection":[{"href":"https:\/\/www.kamubib-bimy.org\/2021\/wp-json\/wp\/v2\/pages"}],"about":[{"href":"https:\/\/www.kamubib-bimy.org\/2021\/wp-json\/wp\/v2\/types\/page"}],"author":[{"embeddable":true,"href":"https:\/\/www.kamubib-bimy.org\/2021\/wp-json\/wp\/v2\/users\/5"}],"replies":[{"embeddable":true,"href":"https:\/\/www.kamubib-bimy.org\/2021\/wp-json\/wp\/v2\/comments?post=2438"}],"version-history":[{"count":7,"href":"https:\/\/www.kamubib-bimy.org\/2021\/wp-json\/wp\/v2\/pages\/2438\/revisions"}],"predecessor-version":[{"id":2835,"href":"https:\/\/www.kamubib-bimy.org\/2021\/wp-json\/wp\/v2\/pages\/2438\/revisions\/2835"}],"up":[{"embeddable":true,"href":"https:\/\/www.kamubib-bimy.org\/2021\/wp-json\/wp\/v2\/pages\/706"}],"wp:attachment":[{"href":"https:\/\/www.kamubib-bimy.org\/2021\/wp-json\/wp\/v2\/media?parent=2438"}],"curies":[{"name":"wp","href":"https:\/\/api.w.org\/{rel}","templated":true}]}}